{"id":911,"date":"2020-11-16T15:42:45","date_gmt":"2020-11-16T14:42:45","guid":{"rendered":"https:\/\/martizay.fr\/?page_id=911"},"modified":"2026-04-18T10:22:06","modified_gmt":"2026-04-18T08:22:06","slug":"lecole","status":"publish","type":"page","link":"https:\/\/martizay.fr\/index.php\/lecole\/","title":{"rendered":"L&rsquo;\u00e9cole"},"content":{"rendered":"\t\t<div data-elementor-type=\"wp-page\" data-elementor-id=\"911\" class=\"elementor elementor-911\" data-elementor-settings=\"[]\">\n\t\t\t\t\t\t<div class=\"elementor-inner\">\n\t\t\t\t\t\t\t<div class=\"elementor-section-wrap\">\n\t\t\t\t\t\t\t<section class=\"elementor-section elementor-top-section elementor-element elementor-element-df623cd elementor-section-boxed elementor-section-height-default elementor-section-height-default\" data-id=\"df623cd\" data-element_type=\"section\">\n\t\t\t\t\t\t<div class=\"elementor-container elementor-column-gap-default\">\n\t\t\t\t\t\t\t<div class=\"elementor-row\">\n\t\t\t\t\t<div class=\"elementor-column elementor-col-50 elementor-top-column elementor-element elementor-element-6e14db9\" data-id=\"6e14db9\" data-element_type=\"column\">\n\t\t\t<div class=\"elementor-column-wrap elementor-element-populated\">\n\t\t\t\t\t\t\t<div class=\"elementor-widget-wrap\">\n\t\t\t\t\t\t<div class=\"elementor-element elementor-element-e772864 elementor-widget elementor-widget-text-editor\" data-id=\"e772864\" data-element_type=\"widget\" data-widget_type=\"text-editor.default\">\n\t\t\t\t<div class=\"elementor-widget-container\">\n\t\t\t\t\t\t\t\t<div class=\"elementor-text-editor elementor-clearfix\">\n\t\t\t\t\t<p>Martizay dispose d\u2019une \u00e9cole en RPI ( Regroupement P\u00e9dagogique Intercommunal) avec l\u2019\u00e9cole de la commune d\u2019Azay-le Ferron (5 km).<\/p><p>Les deux classes de maternelle se trouvent \u00e0 Martizay, et l\u2019\u00e9l\u00e9mentaire est \u00e0 Azay-le-Ferron.<\/p><p>Ces \u00e9coles b\u00e9n\u00e9ficient d\u2019une garderie p\u00e9riscolaire et d\u2019un transport e l\u2019\u00e9cole au domicile ainsi qu\u2019entre les communes de Martizay et d\u2019Azay-le-Ferron.<\/p>\t\t\t\t\t<\/div>\n\t\t\t\t\t\t<\/div>\n\t\t\t\t<\/div>\n\t\t\t\t\t\t<\/div>\n\t\t\t\t\t<\/div>\n\t\t<\/div>\n\t\t\t\t<div class=\"elementor-column elementor-col-50 elementor-top-column elementor-element elementor-element-ae36ee3\" data-id=\"ae36ee3\" data-element_type=\"column\">\n\t\t\t<div class=\"elementor-column-wrap elementor-element-populated\">\n\t\t\t\t\t\t\t<div class=\"elementor-widget-wrap\">\n\t\t\t\t\t\t<div class=\"elementor-element elementor-element-1720b67 elementor-widget elementor-widget-image\" data-id=\"1720b67\" data-element_type=\"widget\" data-widget_type=\"image.default\">\n\t\t\t\t<div class=\"elementor-widget-container\">\n\t\t\t\t\t\t\t\t<div class=\"elementor-image\">\n\t\t\t\t\t\t\t\t\t\t\t\t<img width=\"800\" height=\"600\" src=\"https:\/\/martizay.fr\/wp-content\/uploads\/2020\/12\/photo_ecole_reduite1712-1024x768.jpg\" class=\"attachment-large size-large\" alt=\"\" loading=\"lazy\" srcset=\"https:\/\/martizay.fr\/wp-content\/uploads\/2020\/12\/photo_ecole_reduite1712-1024x768.jpg 1024w, https:\/\/martizay.fr\/wp-content\/uploads\/2020\/12\/photo_ecole_reduite1712-300x225.jpg 300w, https:\/\/martizay.fr\/wp-content\/uploads\/2020\/12\/photo_ecole_reduite1712-768x576.jpg 768w, https:\/\/martizay.fr\/wp-content\/uploads\/2020\/12\/photo_ecole_reduite1712-1536x1152.jpg 1536w, https:\/\/martizay.fr\/wp-content\/uploads\/2020\/12\/photo_ecole_reduite1712.jpg 2000w\" sizes=\"(max-width: 800px) 100vw, 800px\" \/>\t\t\t\t\t\t\t\t\t\t\t\t\t\t<\/div>\n\t\t\t\t\t\t<\/div>\n\t\t\t\t<\/div>\n\t\t\t\t\t\t<\/div>\n\t\t\t\t\t<\/div>\n\t\t<\/div>\n\t\t\t\t\t\t\t\t<\/div>\n\t\t\t\t\t<\/div>\n\t\t<\/section>\n\t\t\t\t<section class=\"elementor-section elementor-top-section elementor-element elementor-element-2ad017a elementor-section-boxed elementor-section-height-default elementor-section-height-default\" data-id=\"2ad017a\" data-element_type=\"section\">\n\t\t\t\t\t\t<div class=\"elementor-container elementor-column-gap-default\">\n\t\t\t\t\t\t\t<div class=\"elementor-row\">\n\t\t\t\t\t<div class=\"elementor-column elementor-col-100 elementor-top-column elementor-element elementor-element-9ee0269\" data-id=\"9ee0269\" data-element_type=\"column\" data-settings=\"{&quot;background_background&quot;:&quot;classic&quot;}\">\n\t\t\t<div class=\"elementor-column-wrap elementor-element-populated\">\n\t\t\t\t\t\t\t<div class=\"elementor-widget-wrap\">\n\t\t\t\t\t\t<div class=\"elementor-element elementor-element-d88d42d elementor-widget elementor-widget-heading\" data-id=\"d88d42d\" data-element_type=\"widget\" data-widget_type=\"heading.default\">\n\t\t\t\t<div class=\"elementor-widget-container\">\n\t\t\t<h2 class=\"elementor-heading-title elementor-size-default\">Informations pratiques<\/h2>\t\t<\/div>\n\t\t\t\t<\/div>\n\t\t\t\t\t\t<\/div>\n\t\t\t\t\t<\/div>\n\t\t<\/div>\n\t\t\t\t\t\t\t\t<\/div>\n\t\t\t\t\t<\/div>\n\t\t<\/section>\n\t\t\t\t<section class=\"elementor-section elementor-top-section elementor-element elementor-element-b3303a8 elementor-section-boxed elementor-section-height-default elementor-section-height-default\" data-id=\"b3303a8\" data-element_type=\"section\" data-settings=\"{&quot;background_background&quot;:&quot;classic&quot;}\">\n\t\t\t\t\t\t<div class=\"elementor-container elementor-column-gap-default\">\n\t\t\t\t\t\t\t<div class=\"elementor-row\">\n\t\t\t\t\t<div class=\"elementor-column elementor-col-50 elementor-top-column elementor-element elementor-element-592f898\" data-id=\"592f898\" data-element_type=\"column\">\n\t\t\t<div class=\"elementor-column-wrap elementor-element-populated\">\n\t\t\t\t\t\t\t<div class=\"elementor-widget-wrap\">\n\t\t\t\t\t\t<div class=\"elementor-element elementor-element-7672cf3 elementor-widget elementor-widget-text-editor\" data-id=\"7672cf3\" data-element_type=\"widget\" data-widget_type=\"text-editor.default\">\n\t\t\t\t<div class=\"elementor-widget-container\">\n\t\t\t\t\t\t\t\t<div class=\"elementor-text-editor elementor-clearfix\">\n\t\t\t\t\t<h3>Contact<\/h3><p>Ecole maternelle Rouzeau Lecamp<br \/>02.54.28.01.17<\/p><p>Ecole primaire les marronniers<br \/>02.54.39.21.01<\/p>\t\t\t\t\t<\/div>\n\t\t\t\t\t\t<\/div>\n\t\t\t\t<\/div>\n\t\t\t\t\t\t<\/div>\n\t\t\t\t\t<\/div>\n\t\t<\/div>\n\t\t\t\t<div class=\"elementor-column elementor-col-50 elementor-top-column elementor-element elementor-element-05ac745\" data-id=\"05ac745\" data-element_type=\"column\">\n\t\t\t<div class=\"elementor-column-wrap elementor-element-populated\">\n\t\t\t\t\t\t\t<div class=\"elementor-widget-wrap\">\n\t\t\t\t\t\t<div class=\"elementor-element elementor-element-2f26c0b elementor-widget elementor-widget-text-editor\" data-id=\"2f26c0b\" data-element_type=\"widget\" data-widget_type=\"text-editor.default\">\n\t\t\t\t<div class=\"elementor-widget-container\">\n\t\t\t\t\t\t\t\t<div class=\"elementor-text-editor elementor-clearfix\">\n\t\t\t\t\t<h3>Horaires de l\u2019\u00e9cole<\/h3><p>9h-12h \/ 13h30-16h30<br \/>le lundi, mardi, jeudi vendredi<\/p><h3>Horaires de la garderie p\u00e9riscolaire<\/h3><p>de 7h30 le matin jusqu\u2019\u00e0 18h30 le soir<br \/>le lundi, mardi, jeudi, vendredi<\/p>\t\t\t\t\t<\/div>\n\t\t\t\t\t\t<\/div>\n\t\t\t\t<\/div>\n\t\t\t\t\t\t<\/div>\n\t\t\t\t\t<\/div>\n\t\t<\/div>\n\t\t\t\t\t\t\t\t<\/div>\n\t\t\t\t\t<\/div>\n\t\t<\/section>\n\t\t\t\t<section class=\"elementor-section elementor-top-section elementor-element elementor-element-47afa10 elementor-section-boxed elementor-section-height-default elementor-section-height-default\" data-id=\"47afa10\" data-element_type=\"section\">\n\t\t\t\t\t\t<div class=\"elementor-container elementor-column-gap-default\">\n\t\t\t\t\t\t\t<div class=\"elementor-row\">\n\t\t\t\t\t<div class=\"elementor-column elementor-col-100 elementor-top-column elementor-element elementor-element-bb75a87\" data-id=\"bb75a87\" data-element_type=\"column\">\n\t\t\t<div class=\"elementor-column-wrap elementor-element-populated\">\n\t\t\t\t\t\t\t<div class=\"elementor-widget-wrap\">\n\t\t\t\t\t\t<div class=\"elementor-element elementor-element-a1537ab elementor-widget elementor-widget-heading\" data-id=\"a1537ab\" data-element_type=\"widget\" data-widget_type=\"heading.default\">\n\t\t\t\t<div class=\"elementor-widget-container\">\n\t\t\t<h2 class=\"elementor-heading-title elementor-size-default\">Menus de la cantine<\/h2>\t\t<\/div>\n\t\t\t\t<\/div>\n\t\t\t\t\t\t<\/div>\n\t\t\t\t\t<\/div>\n\t\t<\/div>\n\t\t\t\t\t\t\t\t<\/div>\n\t\t\t\t\t<\/div>\n\t\t<\/section>\n\t\t\t\t<section class=\"elementor-section elementor-top-section elementor-element elementor-element-df21fd8 elementor-section-boxed elementor-section-height-default elementor-section-height-default\" data-id=\"df21fd8\" data-element_type=\"section\">\n\t\t\t\t\t\t<div class=\"elementor-container elementor-column-gap-default\">\n\t\t\t\t\t\t\t<div class=\"elementor-row\">\n\t\t\t\t\t<div class=\"elementor-column elementor-col-33 elementor-top-column elementor-element elementor-element-b598e79\" data-id=\"b598e79\" data-element_type=\"column\">\n\t\t\t<div class=\"elementor-column-wrap elementor-element-populated\">\n\t\t\t\t\t\t\t<div class=\"elementor-widget-wrap\">\n\t\t\t\t\t\t<div class=\"elementor-element elementor-element-fb1ea72 elementor-widget elementor-widget-text-editor\" data-id=\"fb1ea72\" data-element_type=\"widget\" data-widget_type=\"text-editor.default\">\n\t\t\t\t<div class=\"elementor-widget-container\">\n\t\t\t\t\t\t\t\t<div class=\"elementor-text-editor elementor-clearfix\">\n\t\t\t\t\t\t\t\t\t\t<\/div>\n\t\t\t\t\t\t<\/div>\n\t\t\t\t<\/div>\n\t\t\t\t<div class=\"elementor-element elementor-element-f6cc5ee elementor-widget elementor-widget-text-editor\" data-id=\"f6cc5ee\" data-element_type=\"widget\" data-widget_type=\"text-editor.default\">\n\t\t\t\t<div class=\"elementor-widget-container\">\n\t\t\t\t\t\t\t\t<div class=\"elementor-text-editor elementor-clearfix\">\n\t\t\t\t\t<p><a href=\"https:\/\/martizay.fr\/wp-content\/uploads\/2026\/04\/MENU-2026-04.pdf\">MENU-Avril 2026-04.pdf<\/a><\/p>\t\t\t\t\t<\/div>\n\t\t\t\t\t\t<\/div>\n\t\t\t\t<\/div>\n\t\t\t\t\t\t<\/div>\n\t\t\t\t\t<\/div>\n\t\t<\/div>\n\t\t\t\t<div class=\"elementor-column elementor-col-33 elementor-top-column elementor-element elementor-element-ce64554\" data-id=\"ce64554\" data-element_type=\"column\">\n\t\t\t<div class=\"elementor-column-wrap elementor-element-populated\">\n\t\t\t\t\t\t\t<div class=\"elementor-widget-wrap\">\n\t\t\t\t\t\t<div class=\"elementor-element elementor-element-3a2709c elementor-widget elementor-widget-text-editor\" data-id=\"3a2709c\" data-element_type=\"widget\" data-widget_type=\"text-editor.default\">\n\t\t\t\t<div class=\"elementor-widget-container\">\n\t\t\t\t\t\t\t\t<div class=\"elementor-text-editor elementor-clearfix\">\n\t\t\t\t\t\t\t\t\t\t<\/div>\n\t\t\t\t\t\t<\/div>\n\t\t\t\t<\/div>\n\t\t\t\t<div class=\"elementor-element elementor-element-367346a elementor-widget elementor-widget-text-editor\" data-id=\"367346a\" data-element_type=\"widget\" data-widget_type=\"text-editor.default\">\n\t\t\t\t<div class=\"elementor-widget-container\">\n\t\t\t\t\t\t\t\t<div class=\"elementor-text-editor elementor-clearfix\">\n\t\t\t\t\t<p><a href=\"https:\/\/martizay.fr\/wp-content\/uploads\/2026\/04\/MENU-2026-05.pdf\">MENU-2026-Mai.pdf<\/a><\/p>\t\t\t\t\t<\/div>\n\t\t\t\t\t\t<\/div>\n\t\t\t\t<\/div>\n\t\t\t\t\t\t<\/div>\n\t\t\t\t\t<\/div>\n\t\t<\/div>\n\t\t\t\t<div class=\"elementor-column elementor-col-33 elementor-top-column elementor-element elementor-element-164324d\" data-id=\"164324d\" data-element_type=\"column\">\n\t\t\t<div class=\"elementor-column-wrap elementor-element-populated\">\n\t\t\t\t\t\t\t<div class=\"elementor-widget-wrap\">\n\t\t\t\t\t\t<div class=\"elementor-element elementor-element-e56baaa elementor-widget elementor-widget-text-editor\" data-id=\"e56baaa\" data-element_type=\"widget\" data-widget_type=\"text-editor.default\">\n\t\t\t\t<div class=\"elementor-widget-container\">\n\t\t\t\t\t\t\t\t<div class=\"elementor-text-editor elementor-clearfix\">\n\t\t\t\t\t\t\t\t\t\t<\/div>\n\t\t\t\t\t\t<\/div>\n\t\t\t\t<\/div>\n\t\t\t\t<div class=\"elementor-element elementor-element-494c89c elementor-widget elementor-widget-text-editor\" data-id=\"494c89c\" data-element_type=\"widget\" data-widget_type=\"text-editor.default\">\n\t\t\t\t<div class=\"elementor-widget-container\">\n\t\t\t\t\t\t\t\t<div class=\"elementor-text-editor elementor-clearfix\">\n\t\t\t\t\t\t\t\t\t\t<\/div>\n\t\t\t\t\t\t<\/div>\n\t\t\t\t<\/div>\n\t\t\t\t\t\t<\/div>\n\t\t\t\t\t<\/div>\n\t\t<\/div>\n\t\t\t\t\t\t\t\t<\/div>\n\t\t\t\t\t<\/div>\n\t\t<\/section>\n\t\t\t\t\t\t<\/div>\n\t\t\t\t\t\t<\/div>\n\t\t\t\t\t<\/div>\n\t\t","protected":false},"excerpt":{"rendered":"<p>Martizay dispose d\u2019une \u00e9cole en RPI ( Regroupement P\u00e9dagogique Intercommunal) avec l\u2019\u00e9cole de la commune d\u2019Azay-le Ferron (5 km). Les deux classes de maternelle se trouvent \u00e0 Martizay, et l\u2019\u00e9l\u00e9mentaire est \u00e0 Azay-le-Ferron. Ces \u00e9coles b\u00e9n\u00e9ficient d\u2019une garderie p\u00e9riscolaire et d\u2019un transport e l\u2019\u00e9cole au domicile ainsi qu\u2019entre les communes de Martizay et d\u2019Azay-le-Ferron. Informations [&hellip;]<\/p>\n","protected":false},"author":1,"featured_media":1392,"parent":0,"menu_order":0,"comment_status":"closed","ping_status":"closed","template":"","meta":[],"yoast_head":"<!-- This site is optimized with the Yoast SEO plugin v18.3 - https:\/\/yoast.com\/wordpress\/plugins\/seo\/ -->\n<title>L&#039;\u00e9cole - Martizay<\/title>\n<meta name=\"robots\" content=\"index, follow, max-snippet:-1, max-image-preview:large, max-video-preview:-1\" \/>\n<link rel=\"canonical\" href=\"https:\/\/martizay.fr\/index.php\/lecole\/\" \/>\n<meta property=\"og:locale\" content=\"fr_FR\" \/>\n<meta property=\"og:type\" content=\"article\" \/>\n<meta property=\"og:title\" content=\"L&#039;\u00e9cole - Martizay\" \/>\n<meta property=\"og:description\" content=\"Martizay dispose d\u2019une \u00e9cole en RPI ( Regroupement P\u00e9dagogique Intercommunal) avec l\u2019\u00e9cole de la commune d\u2019Azay-le Ferron (5 km). Les deux classes de maternelle se trouvent \u00e0 Martizay, et l\u2019\u00e9l\u00e9mentaire est \u00e0 Azay-le-Ferron. Ces \u00e9coles b\u00e9n\u00e9ficient d\u2019une garderie p\u00e9riscolaire et d\u2019un transport e l\u2019\u00e9cole au domicile ainsi qu\u2019entre les communes de Martizay et d\u2019Azay-le-Ferron. Informations [&hellip;]\" \/>\n<meta property=\"og:url\" content=\"https:\/\/martizay.fr\/index.php\/lecole\/\" \/>\n<meta property=\"og:site_name\" content=\"Martizay\" \/>\n<meta property=\"article:modified_time\" content=\"2026-04-18T08:22:06+00:00\" \/>\n<meta property=\"og:image\" content=\"https:\/\/martizay.fr\/wp-content\/uploads\/2020\/12\/photo-1516383607781-913a19294fd1.jpg\" \/>\n\t<meta property=\"og:image:width\" content=\"1953\" \/>\n\t<meta property=\"og:image:height\" content=\"1297\" \/>\n\t<meta property=\"og:image:type\" content=\"image\/jpeg\" \/>\n<meta name=\"twitter:card\" content=\"summary_large_image\" \/>\n<meta name=\"twitter:label1\" content=\"Dur\u00e9e de lecture estim\u00e9e\" \/>\n\t<meta name=\"twitter:data1\" content=\"1 minute\" \/>\n<script type=\"application\/ld+json\" class=\"yoast-schema-graph\">{\"@context\":\"https:\/\/schema.org\",\"@graph\":[{\"@type\":\"WebSite\",\"@id\":\"https:\/\/martizay.fr\/#website\",\"url\":\"https:\/\/martizay.fr\/\",\"name\":\"Martizay\",\"description\":\"Le site de la commune de Martizay\",\"potentialAction\":[{\"@type\":\"SearchAction\",\"target\":{\"@type\":\"EntryPoint\",\"urlTemplate\":\"https:\/\/martizay.fr\/?s={search_term_string}\"},\"query-input\":\"required name=search_term_string\"}],\"inLanguage\":\"fr-FR\"},{\"@type\":\"ImageObject\",\"@id\":\"https:\/\/martizay.fr\/index.php\/lecole\/#primaryimage\",\"inLanguage\":\"fr-FR\",\"url\":\"https:\/\/martizay.fr\/wp-content\/uploads\/2020\/12\/photo-1516383607781-913a19294fd1.jpg\",\"contentUrl\":\"https:\/\/martizay.fr\/wp-content\/uploads\/2020\/12\/photo-1516383607781-913a19294fd1.jpg\",\"width\":1953,\"height\":1297},{\"@type\":\"WebPage\",\"@id\":\"https:\/\/martizay.fr\/index.php\/lecole\/#webpage\",\"url\":\"https:\/\/martizay.fr\/index.php\/lecole\/\",\"name\":\"L'\u00e9cole - Martizay\",\"isPartOf\":{\"@id\":\"https:\/\/martizay.fr\/#website\"},\"primaryImageOfPage\":{\"@id\":\"https:\/\/martizay.fr\/index.php\/lecole\/#primaryimage\"},\"datePublished\":\"2020-11-16T14:42:45+00:00\",\"dateModified\":\"2026-04-18T08:22:06+00:00\",\"breadcrumb\":{\"@id\":\"https:\/\/martizay.fr\/index.php\/lecole\/#breadcrumb\"},\"inLanguage\":\"fr-FR\",\"potentialAction\":[{\"@type\":\"ReadAction\",\"target\":[\"https:\/\/martizay.fr\/index.php\/lecole\/\"]}]},{\"@type\":\"BreadcrumbList\",\"@id\":\"https:\/\/martizay.fr\/index.php\/lecole\/#breadcrumb\",\"itemListElement\":[{\"@type\":\"ListItem\",\"position\":1,\"name\":\"Accueil\",\"item\":\"https:\/\/martizay.fr\/\"},{\"@type\":\"ListItem\",\"position\":2,\"name\":\"L&rsquo;\u00e9cole\"}]}]}<\/script>\n<!-- \/ Yoast SEO plugin. -->","yoast_head_json":{"title":"L'\u00e9cole - Martizay","robots":{"index":"index","follow":"follow","max-snippet":"max-snippet:-1","max-image-preview":"max-image-preview:large","max-video-preview":"max-video-preview:-1"},"canonical":"https:\/\/martizay.fr\/index.php\/lecole\/","og_locale":"fr_FR","og_type":"article","og_title":"L'\u00e9cole - Martizay","og_description":"Martizay dispose d\u2019une \u00e9cole en RPI ( Regroupement P\u00e9dagogique Intercommunal) avec l\u2019\u00e9cole de la commune d\u2019Azay-le Ferron (5 km). Les deux classes de maternelle se trouvent \u00e0 Martizay, et l\u2019\u00e9l\u00e9mentaire est \u00e0 Azay-le-Ferron. Ces \u00e9coles b\u00e9n\u00e9ficient d\u2019une garderie p\u00e9riscolaire et d\u2019un transport e l\u2019\u00e9cole au domicile ainsi qu\u2019entre les communes de Martizay et d\u2019Azay-le-Ferron. Informations [&hellip;]","og_url":"https:\/\/martizay.fr\/index.php\/lecole\/","og_site_name":"Martizay","article_modified_time":"2026-04-18T08:22:06+00:00","og_image":[{"width":1953,"height":1297,"url":"https:\/\/martizay.fr\/wp-content\/uploads\/2020\/12\/photo-1516383607781-913a19294fd1.jpg","type":"image\/jpeg"}],"twitter_card":"summary_large_image","twitter_misc":{"Dur\u00e9e de lecture estim\u00e9e":"1 minute"},"schema":{"@context":"https:\/\/schema.org","@graph":[{"@type":"WebSite","@id":"https:\/\/martizay.fr\/#website","url":"https:\/\/martizay.fr\/","name":"Martizay","description":"Le site de la commune de Martizay","potentialAction":[{"@type":"SearchAction","target":{"@type":"EntryPoint","urlTemplate":"https:\/\/martizay.fr\/?s={search_term_string}"},"query-input":"required name=search_term_string"}],"inLanguage":"fr-FR"},{"@type":"ImageObject","@id":"https:\/\/martizay.fr\/index.php\/lecole\/#primaryimage","inLanguage":"fr-FR","url":"https:\/\/martizay.fr\/wp-content\/uploads\/2020\/12\/photo-1516383607781-913a19294fd1.jpg","contentUrl":"https:\/\/martizay.fr\/wp-content\/uploads\/2020\/12\/photo-1516383607781-913a19294fd1.jpg","width":1953,"height":1297},{"@type":"WebPage","@id":"https:\/\/martizay.fr\/index.php\/lecole\/#webpage","url":"https:\/\/martizay.fr\/index.php\/lecole\/","name":"L'\u00e9cole - Martizay","isPartOf":{"@id":"https:\/\/martizay.fr\/#website"},"primaryImageOfPage":{"@id":"https:\/\/martizay.fr\/index.php\/lecole\/#primaryimage"},"datePublished":"2020-11-16T14:42:45+00:00","dateModified":"2026-04-18T08:22:06+00:00","breadcrumb":{"@id":"https:\/\/martizay.fr\/index.php\/lecole\/#breadcrumb"},"inLanguage":"fr-FR","potentialAction":[{"@type":"ReadAction","target":["https:\/\/martizay.fr\/index.php\/lecole\/"]}]},{"@type":"BreadcrumbList","@id":"https:\/\/martizay.fr\/index.php\/lecole\/#breadcrumb","itemListElement":[{"@type":"ListItem","position":1,"name":"Accueil","item":"https:\/\/martizay.fr\/"},{"@type":"ListItem","position":2,"name":"L&rsquo;\u00e9cole"}]}]}},"_links":{"self":[{"href":"https:\/\/martizay.fr\/index.php\/wp-json\/wp\/v2\/pages\/911"}],"collection":[{"href":"https:\/\/martizay.fr\/index.php\/wp-json\/wp\/v2\/pages"}],"about":[{"href":"https:\/\/martizay.fr\/index.php\/wp-json\/wp\/v2\/types\/page"}],"author":[{"embeddable":true,"href":"https:\/\/martizay.fr\/index.php\/wp-json\/wp\/v2\/users\/1"}],"replies":[{"embeddable":true,"href":"https:\/\/martizay.fr\/index.php\/wp-json\/wp\/v2\/comments?post=911"}],"version-history":[{"count":161,"href":"https:\/\/martizay.fr\/index.php\/wp-json\/wp\/v2\/pages\/911\/revisions"}],"predecessor-version":[{"id":7213,"href":"https:\/\/martizay.fr\/index.php\/wp-json\/wp\/v2\/pages\/911\/revisions\/7213"}],"wp:featuredmedia":[{"embeddable":true,"href":"https:\/\/martizay.fr\/index.php\/wp-json\/wp\/v2\/media\/1392"}],"wp:attachment":[{"href":"https:\/\/martizay.fr\/index.php\/wp-json\/wp\/v2\/media?parent=911"}],"curies":[{"name":"wp","href":"https:\/\/api.w.org\/{rel}","templated":true}]}}